{"id":837,"date":"2017-02-15T15:40:50","date_gmt":"2017-02-15T14:40:50","guid":{"rendered":"http:\/\/art-et-culture-du-monde.fr\/blog\/?page_id=837"},"modified":"2018-01-27T12:38:43","modified_gmt":"2018-01-27T11:38:43","slug":"pour-quels-publics","status":"publish","type":"page","link":"https:\/\/art-et-culture-du-monde.fr\/blog\/pour-quels-publics\/","title":{"rendered":"Pour quels publics ?"},"content":{"rendered":"<p>[et_pb_section bb_built=\u00a0\u00bb1&Prime; admin_label=\u00a0\u00bbsection\u00a0\u00bb transparent_background=\u00a0\u00bboff\u00a0\u00bb background_color=\u00a0\u00bbrgba(124,226,77,0.54)\u00a0\u00bb allow_player_pause=\u00a0\u00bboff\u00a0\u00bb inner_shadow=\u00a0\u00bboff\u00a0\u00bb parallax=\u00a0\u00bboff\u00a0\u00bb parallax_method=\u00a0\u00bboff\u00a0\u00bb make_fullwidth=\u00a0\u00bboff\u00a0\u00bb use_custom_width=\u00a0\u00bboff\u00a0\u00bb width_unit=\u00a0\u00bbon\u00a0\u00bb custom_width_px=\u00a0\u00bb1080px\u00a0\u00bb custom_width_percent=\u00a0\u00bb80%\u00a0\u00bb make_equal=\u00a0\u00bboff\u00a0\u00bb use_custom_gutter=\u00a0\u00bboff\u00a0\u00bb fullwidth=\u00a0\u00bboff\u00a0\u00bb specialty=\u00a0\u00bboff\u00a0\u00bb disabled=\u00a0\u00bboff\u00a0\u00bb][et_pb_row admin_label=\u00a0\u00bbrow\u00a0\u00bb make_fullwidth=\u00a0\u00bboff\u00a0\u00bb use_custom_width=\u00a0\u00bboff\u00a0\u00bb width_unit=\u00a0\u00bbon\u00a0\u00bb custom_width_px=\u00a0\u00bb1080px\u00a0\u00bb custom_width_percent=\u00a0\u00bb80%\u00a0\u00bb use_custom_gutter=\u00a0\u00bboff\u00a0\u00bb gutter_width=\u00a0\u00bb3&Prime; background_color=\u00a0\u00bb#ffffff\u00a0\u00bb allow_player_pause=\u00a0\u00bboff\u00a0\u00bb parallax=\u00a0\u00bboff\u00a0\u00bb parallax_method=\u00a0\u00bboff\u00a0\u00bb make_equal=\u00a0\u00bboff\u00a0\u00bb parallax_1=\u00a0\u00bboff\u00a0\u00bb parallax_method_1=\u00a0\u00bboff\u00a0\u00bb parallax_2=\u00a0\u00bboff\u00a0\u00bb parallax_method_2=\u00a0\u00bbon\u00a0\u00bb parallax_3=\u00a0\u00bboff\u00a0\u00bb parallax_method_3=\u00a0\u00bbon\u00a0\u00bb parallax_4=\u00a0\u00bboff\u00a0\u00bb parallax_method_4=\u00a0\u00bbon\u00a0\u00bb disabled=\u00a0\u00bboff\u00a0\u00bb background_position=\u00a0\u00bbtop_left\u00a0\u00bb background_repeat=\u00a0\u00bbrepeat\u00a0\u00bb background_size=\u00a0\u00bbinitial\u00a0\u00bb][et_pb_column type=\u00a0\u00bb4_4&Prime;][et_pb_text background_layout=\u00a0\u00bblight\u00a0\u00bb use_border_color=\u00a0\u00bboff\u00a0\u00bb disabled=\u00a0\u00bboff\u00a0\u00bb background_position=\u00a0\u00bbtop_left\u00a0\u00bb background_repeat=\u00a0\u00bbrepeat\u00a0\u00bb background_size=\u00a0\u00bbinitial\u00a0\u00bb _builder_version=\u00a0\u00bb3.0.97&Prime;]<\/p>\n<p style=\"text-align: center;\"><span style=\"font-size: x-large;\"><strong>TOUS !<\/strong><\/span><\/p>\n<p style=\"text-align: center;\">Nous nous adressons \u00e0 tous les publics, sans militantisme, factuellement et en toute honn\u00eatet\u00e9.<\/p>\n<p style=\"text-align: center;\">Les interventions sont pour tous les \u00e2ges \u00e0 partir de la moyenne section de maternelle &#8230;<\/p>\n<div id=\"attachment_1030\" style=\"width: 373px\" class=\"wp-caption alignleft\"><a href=\"http:\/\/art-et-culture-du-monde.fr\/blog\/wp-content\/uploads\/2017\/03\/MG_8837-red.jpg\"><img loading=\"lazy\" decoding=\"async\" aria-describedby=\"caption-attachment-1030\" class=\" wp-image-1030\" src=\"http:\/\/art-et-culture-du-monde.fr\/blog\/wp-content\/uploads\/2017\/03\/MG_8837-red.jpg\" alt=\"Exposition Yukon - Grand Nord Canadien - Les Pujols (09)\" width=\"363\" height=\"242\" srcset=\"https:\/\/art-et-culture-du-monde.fr\/blog\/wp-content\/uploads\/2017\/03\/MG_8837-red.jpg 800w, https:\/\/art-et-culture-du-monde.fr\/blog\/wp-content\/uploads\/2017\/03\/MG_8837-red-600x400.jpg 600w, https:\/\/art-et-culture-du-monde.fr\/blog\/wp-content\/uploads\/2017\/03\/MG_8837-red-300x200.jpg 300w, https:\/\/art-et-culture-du-monde.fr\/blog\/wp-content\/uploads\/2017\/03\/MG_8837-red-768x512.jpg 768w\" sizes=\"(max-width: 363px) 100vw, 363px\" \/><\/a><p id=\"caption-attachment-1030\" class=\"wp-caption-text\">Exposition Yukon &#8211; Grand Nord Canadien<\/p><\/div>\n<div id=\"attachment_1026\" style=\"width: 332px\" class=\"wp-caption alignright\"><a href=\"http:\/\/art-et-culture-du-monde.fr\/blog\/wp-content\/uploads\/2017\/03\/animation-red.jpg\"><img loading=\"lazy\" decoding=\"async\" aria-describedby=\"caption-attachment-1026\" class=\" wp-image-1026\" src=\"http:\/\/art-et-culture-du-monde.fr\/blog\/wp-content\/uploads\/2017\/03\/animation-red.jpg\" alt=\"Animation Chev\u00eache\" width=\"322\" height=\"241\" srcset=\"https:\/\/art-et-culture-du-monde.fr\/blog\/wp-content\/uploads\/2017\/03\/animation-red.jpg 800w, https:\/\/art-et-culture-du-monde.fr\/blog\/wp-content\/uploads\/2017\/03\/animation-red-600x450.jpg 600w, https:\/\/art-et-culture-du-monde.fr\/blog\/wp-content\/uploads\/2017\/03\/animation-red-300x225.jpg 300w, https:\/\/art-et-culture-du-monde.fr\/blog\/wp-content\/uploads\/2017\/03\/animation-red-768x576.jpg 768w, https:\/\/art-et-culture-du-monde.fr\/blog\/wp-content\/uploads\/2017\/03\/animation-red-510x382.jpg 510w\" sizes=\"(max-width: 322px) 100vw, 322px\" \/><\/a><p id=\"caption-attachment-1026\" class=\"wp-caption-text\">Animation Chev\u00eache<\/p><\/div>\n<p>&nbsp;<\/p>\n<p>&nbsp;<\/p>\n<p>&nbsp;<\/p>\n<p>&nbsp;<\/p>\n<p>&nbsp;<\/p>\n<p>&nbsp;<\/p>\n<p><a href=\"..\/\">Retour \u00e0 l&rsquo;accueil<\/a><\/p>\n<p>&nbsp;<\/p>\n<p>[\/et_pb_text][\/et_pb_column][\/et_pb_row][\/et_pb_section]<\/p>\n","protected":false},"excerpt":{"rendered":"<p>TOUS ! Nous nous adressons \u00e0 tous les publics, sans militantisme, factuellement et en toute honn\u00eatet\u00e9. Les interventions sont pour tous les \u00e2ges \u00e0 partir de la moyenne section de maternelle &#8230; &nbsp; &nbsp; &nbsp; &nbsp; &nbsp; &nbsp; Retour \u00e0 l&rsquo;accueil &nbsp;<\/p>\n","protected":false},"author":1,"featured_media":0,"parent":0,"menu_order":0,"comment_status":"closed","ping_status":"closed","template":"","meta":{"_et_pb_use_builder":"on","_et_pb_old_content":"<p>TOUS !<\/p><p>Nous nous adressons \u00e0 tous les publics, sans militantisme, factuellement et en toute honn\u00eatet\u00e9.<\/p><p>Les interventions sont pour tous les \u00e2ges \u00e0 partir de la moyenne section de maternelle ...<\/p><p><a href=\"http:\/\/art-et-culture-du-monde.fr\/blog\/\">Retour<\/a><\/p><p>\u00a0<\/p>","_et_gb_content_width":"","footnotes":""},"class_list":["post-837","page","type-page","status-publish","hentry"],"yoast_head":"<!-- This site is optimized with the Yoast SEO plugin v27.2 - https:\/\/yoast.com\/product\/yoast-seo-wordpress\/ -->\n<title>Quels sont les publics de nos expositions et interventions ?<\/title>\n<meta name=\"description\" content=\"Nous intervenons pour tous les publics \u00e0 partir de la moyenne section de maternelle. Les m\u00e9thodes et les sujets sont adapt\u00e9s \u00e0 chaque public.\" \/>\n<meta name=\"robots\" content=\"index, follow, max-snippet:-1, max-image-preview:large, max-video-preview:-1\" \/>\n<link rel=\"canonical\" href=\"https:\/\/art-et-culture-du-monde.fr\/blog\/pour-quels-publics\/\" \/>\n<meta property=\"og:locale\" content=\"fr_FR\" \/>\n<meta property=\"og:type\" content=\"article\" \/>\n<meta property=\"og:title\" content=\"Quels sont les publics de nos expositions et interventions ?\" \/>\n<meta property=\"og:description\" content=\"Nous intervenons pour tous les publics \u00e0 partir de la moyenne section de maternelle. Les m\u00e9thodes et les sujets sont adapt\u00e9s \u00e0 chaque public.\" \/>\n<meta property=\"og:url\" content=\"https:\/\/art-et-culture-du-monde.fr\/blog\/pour-quels-publics\/\" \/>\n<meta property=\"og:site_name\" content=\"La Nature d&#039;Eric\" \/>\n<meta property=\"article:publisher\" content=\"https:\/\/www.facebook.com\/Art-et-Culture-du-Monde-ACM-175103796680\/\" \/>\n<meta property=\"article:modified_time\" content=\"2018-01-27T11:38:43+00:00\" \/>\n<meta property=\"og:image\" content=\"http:\/\/art-et-culture-du-monde.fr\/blog\/wp-content\/uploads\/2017\/03\/MG_8837-red.jpg\" \/>\n<meta name=\"twitter:card\" content=\"summary_large_image\" \/>\n<meta name=\"twitter:label1\" content=\"Dur\u00e9e de lecture estim\u00e9e\" \/>\n\t<meta name=\"twitter:data1\" content=\"1 minute\" \/>\n<script type=\"application\/ld+json\" class=\"yoast-schema-graph\">{\"@context\":\"https:\/\/schema.org\",\"@graph\":[{\"@type\":\"WebPage\",\"@id\":\"https:\/\/art-et-culture-du-monde.fr\/blog\/pour-quels-publics\/\",\"url\":\"https:\/\/art-et-culture-du-monde.fr\/blog\/pour-quels-publics\/\",\"name\":\"Quels sont les publics de nos expositions et interventions ?\",\"isPartOf\":{\"@id\":\"https:\/\/art-et-culture-du-monde.fr\/blog\/#website\"},\"primaryImageOfPage\":{\"@id\":\"https:\/\/art-et-culture-du-monde.fr\/blog\/pour-quels-publics\/#primaryimage\"},\"image\":{\"@id\":\"https:\/\/art-et-culture-du-monde.fr\/blog\/pour-quels-publics\/#primaryimage\"},\"thumbnailUrl\":\"http:\/\/art-et-culture-du-monde.fr\/blog\/wp-content\/uploads\/2017\/03\/MG_8837-red.jpg\",\"datePublished\":\"2017-02-15T14:40:50+00:00\",\"dateModified\":\"2018-01-27T11:38:43+00:00\",\"description\":\"Nous intervenons pour tous les publics \u00e0 partir de la moyenne section de maternelle. Les m\u00e9thodes et les sujets sont adapt\u00e9s \u00e0 chaque public.\",\"breadcrumb\":{\"@id\":\"https:\/\/art-et-culture-du-monde.fr\/blog\/pour-quels-publics\/#breadcrumb\"},\"inLanguage\":\"fr-FR\",\"potentialAction\":[{\"@type\":\"ReadAction\",\"target\":[\"https:\/\/art-et-culture-du-monde.fr\/blog\/pour-quels-publics\/\"]}]},{\"@type\":\"ImageObject\",\"inLanguage\":\"fr-FR\",\"@id\":\"https:\/\/art-et-culture-du-monde.fr\/blog\/pour-quels-publics\/#primaryimage\",\"url\":\"http:\/\/art-et-culture-du-monde.fr\/blog\/wp-content\/uploads\/2017\/03\/MG_8837-red.jpg\",\"contentUrl\":\"http:\/\/art-et-culture-du-monde.fr\/blog\/wp-content\/uploads\/2017\/03\/MG_8837-red.jpg\"},{\"@type\":\"BreadcrumbList\",\"@id\":\"https:\/\/art-et-culture-du-monde.fr\/blog\/pour-quels-publics\/#breadcrumb\",\"itemListElement\":[{\"@type\":\"ListItem\",\"position\":1,\"name\":\"Accueil\",\"item\":\"https:\/\/art-et-culture-du-monde.fr\/blog\/\"},{\"@type\":\"ListItem\",\"position\":2,\"name\":\"Pour quels publics ?\"}]},{\"@type\":\"WebSite\",\"@id\":\"https:\/\/art-et-culture-du-monde.fr\/blog\/#website\",\"url\":\"https:\/\/art-et-culture-du-monde.fr\/blog\/\",\"name\":\"La Nature d&#039;Eric\",\"description\":\"D\u00e9couvrir - Partager - Pr\u00e9server\",\"potentialAction\":[{\"@type\":\"SearchAction\",\"target\":{\"@type\":\"EntryPoint\",\"urlTemplate\":\"https:\/\/art-et-culture-du-monde.fr\/blog\/?s={search_term_string}\"},\"query-input\":{\"@type\":\"PropertyValueSpecification\",\"valueRequired\":true,\"valueName\":\"search_term_string\"}}],\"inLanguage\":\"fr-FR\"}]}<\/script>\n<!-- \/ Yoast SEO plugin. -->","yoast_head_json":{"title":"Quels sont les publics de nos expositions et interventions ?","description":"Nous intervenons pour tous les publics \u00e0 partir de la moyenne section de maternelle. Les m\u00e9thodes et les sujets sont adapt\u00e9s \u00e0 chaque public.","robots":{"index":"index","follow":"follow","max-snippet":"max-snippet:-1","max-image-preview":"max-image-preview:large","max-video-preview":"max-video-preview:-1"},"canonical":"https:\/\/art-et-culture-du-monde.fr\/blog\/pour-quels-publics\/","og_locale":"fr_FR","og_type":"article","og_title":"Quels sont les publics de nos expositions et interventions ?","og_description":"Nous intervenons pour tous les publics \u00e0 partir de la moyenne section de maternelle. Les m\u00e9thodes et les sujets sont adapt\u00e9s \u00e0 chaque public.","og_url":"https:\/\/art-et-culture-du-monde.fr\/blog\/pour-quels-publics\/","og_site_name":"La Nature d&#039;Eric","article_publisher":"https:\/\/www.facebook.com\/Art-et-Culture-du-Monde-ACM-175103796680\/","article_modified_time":"2018-01-27T11:38:43+00:00","og_image":[{"url":"http:\/\/art-et-culture-du-monde.fr\/blog\/wp-content\/uploads\/2017\/03\/MG_8837-red.jpg","type":"","width":"","height":""}],"twitter_card":"summary_large_image","twitter_misc":{"Dur\u00e9e de lecture estim\u00e9e":"1 minute"},"schema":{"@context":"https:\/\/schema.org","@graph":[{"@type":"WebPage","@id":"https:\/\/art-et-culture-du-monde.fr\/blog\/pour-quels-publics\/","url":"https:\/\/art-et-culture-du-monde.fr\/blog\/pour-quels-publics\/","name":"Quels sont les publics de nos expositions et interventions ?","isPartOf":{"@id":"https:\/\/art-et-culture-du-monde.fr\/blog\/#website"},"primaryImageOfPage":{"@id":"https:\/\/art-et-culture-du-monde.fr\/blog\/pour-quels-publics\/#primaryimage"},"image":{"@id":"https:\/\/art-et-culture-du-monde.fr\/blog\/pour-quels-publics\/#primaryimage"},"thumbnailUrl":"http:\/\/art-et-culture-du-monde.fr\/blog\/wp-content\/uploads\/2017\/03\/MG_8837-red.jpg","datePublished":"2017-02-15T14:40:50+00:00","dateModified":"2018-01-27T11:38:43+00:00","description":"Nous intervenons pour tous les publics \u00e0 partir de la moyenne section de maternelle. Les m\u00e9thodes et les sujets sont adapt\u00e9s \u00e0 chaque public.","breadcrumb":{"@id":"https:\/\/art-et-culture-du-monde.fr\/blog\/pour-quels-publics\/#breadcrumb"},"inLanguage":"fr-FR","potentialAction":[{"@type":"ReadAction","target":["https:\/\/art-et-culture-du-monde.fr\/blog\/pour-quels-publics\/"]}]},{"@type":"ImageObject","inLanguage":"fr-FR","@id":"https:\/\/art-et-culture-du-monde.fr\/blog\/pour-quels-publics\/#primaryimage","url":"http:\/\/art-et-culture-du-monde.fr\/blog\/wp-content\/uploads\/2017\/03\/MG_8837-red.jpg","contentUrl":"http:\/\/art-et-culture-du-monde.fr\/blog\/wp-content\/uploads\/2017\/03\/MG_8837-red.jpg"},{"@type":"BreadcrumbList","@id":"https:\/\/art-et-culture-du-monde.fr\/blog\/pour-quels-publics\/#breadcrumb","itemListElement":[{"@type":"ListItem","position":1,"name":"Accueil","item":"https:\/\/art-et-culture-du-monde.fr\/blog\/"},{"@type":"ListItem","position":2,"name":"Pour quels publics ?"}]},{"@type":"WebSite","@id":"https:\/\/art-et-culture-du-monde.fr\/blog\/#website","url":"https:\/\/art-et-culture-du-monde.fr\/blog\/","name":"La Nature d&#039;Eric","description":"D\u00e9couvrir - Partager - Pr\u00e9server","potentialAction":[{"@type":"SearchAction","target":{"@type":"EntryPoint","urlTemplate":"https:\/\/art-et-culture-du-monde.fr\/blog\/?s={search_term_string}"},"query-input":{"@type":"PropertyValueSpecification","valueRequired":true,"valueName":"search_term_string"}}],"inLanguage":"fr-FR"}]}},"jetpack-related-posts":[],"jetpack_sharing_enabled":true,"_links":{"self":[{"href":"https:\/\/art-et-culture-du-monde.fr\/blog\/wp-json\/wp\/v2\/pages\/837","targetHints":{"allow":["GET"]}}],"collection":[{"href":"https:\/\/art-et-culture-du-monde.fr\/blog\/wp-json\/wp\/v2\/pages"}],"about":[{"href":"https:\/\/art-et-culture-du-monde.fr\/blog\/wp-json\/wp\/v2\/types\/page"}],"author":[{"embeddable":true,"href":"https:\/\/art-et-culture-du-monde.fr\/blog\/wp-json\/wp\/v2\/users\/1"}],"replies":[{"embeddable":true,"href":"https:\/\/art-et-culture-du-monde.fr\/blog\/wp-json\/wp\/v2\/comments?post=837"}],"version-history":[{"count":9,"href":"https:\/\/art-et-culture-du-monde.fr\/blog\/wp-json\/wp\/v2\/pages\/837\/revisions"}],"predecessor-version":[{"id":1756,"href":"https:\/\/art-et-culture-du-monde.fr\/blog\/wp-json\/wp\/v2\/pages\/837\/revisions\/1756"}],"wp:attachment":[{"href":"https:\/\/art-et-culture-du-monde.fr\/blog\/wp-json\/wp\/v2\/media?parent=837"}],"curies":[{"name":"wp","href":"https:\/\/api.w.org\/{rel}","templated":true}]}}